{"id":6735,"date":"2023-06-03T14:04:14","date_gmt":"2023-06-03T13:04:14","guid":{"rendered":"https:\/\/2023.kinootok.org\/?page_id=6735"},"modified":"2023-06-08T09:36:43","modified_gmt":"2023-06-08T08:36:43","slug":"__trashed-2","status":"publish","type":"page","link":"https:\/\/2023.kinootok.org\/en\/__trashed-2\/","title":{"rendered":"FILMS AND GUESTS"},"content":{"rendered":"<div class=\"container\">\n    <div class=\"row text\">\n        <div class=\"col-md-9\">\n            <h2><span style=\"color: #b5a744;\">Arrigoni Open-air Cinema<\/span><\/h2>\n<p><strong>The Adventures of Gigi the Law\/ Gigi la legge<br \/>\n<\/strong>Alessandro Comodin, Italy, France, 2022, 102&#8242;<br \/>\n<span style=\"color: #b5a744;\"><em>With introduction by the main protagonist of the film,\u00a0<\/em><em>Pier Luigi Mecchia<\/em><em>, and video introduction by the director and screenwriter\u00a0<\/em><em>Alessandro Comodin.<\/em><\/span><\/p>\n<p><img loading=\"lazy\" decoding=\"async\" class=\"alignnone size-medium wp-image-5715\" src=\"https:\/\/2023.kinootok.org\/wp-content\/uploads\/2023\/05\/GigiStills_220525_1-300x169.jpg\" alt=\"\" width=\"300\" height=\"169\" srcset=\"https:\/\/2023.kinootok.org\/wp-content\/uploads\/2023\/05\/GigiStills_220525_1-300x169.jpg 300w, https:\/\/2023.kinootok.org\/wp-content\/uploads\/2023\/05\/GigiStills_220525_1-1024x576.jpg 1024w, https:\/\/2023.kinootok.org\/wp-content\/uploads\/2023\/05\/GigiStills_220525_1-768x432.jpg 768w, https:\/\/2023.kinootok.org\/wp-content\/uploads\/2023\/05\/GigiStills_220525_1-1536x864.jpg 1536w, https:\/\/2023.kinootok.org\/wp-content\/uploads\/2023\/05\/GigiStills_220525_1-2048x1152.jpg 2048w\" sizes=\"auto, (max-width: 300px) 100vw, 300px\" \/><\/p>\n<p><strong>The Big City \/ Mahanagar<\/strong><br \/>\nSatyajit Ray, India, 1963, 130\u2019<br \/>\n<em>The screening is part of Focus:\u00a0<\/em><em>Satyajit Ray, a<\/em><em>\u00a0programme organised in collaboration with the Slovenian Cinematheque.<br \/>\n<span style=\"color: #b5a744;\">With introduction by Anja Banko of the Slovenian Cinematheque Programme Department.<\/span><\/em><\/p>\n<p><img loading=\"lazy\" decoding=\"async\" class=\"alignnone size-medium wp-image-5865\" src=\"https:\/\/2023.kinootok.org\/wp-content\/uploads\/2023\/05\/Mahanagar-300x216.jpg\" alt=\"\" width=\"300\" height=\"216\" srcset=\"https:\/\/2023.kinootok.org\/wp-content\/uploads\/2023\/05\/Mahanagar-300x216.jpg 300w, https:\/\/2023.kinootok.org\/wp-content\/uploads\/2023\/05\/Mahanagar-1024x736.jpg 1024w, https:\/\/2023.kinootok.org\/wp-content\/uploads\/2023\/05\/Mahanagar-768x552.jpg 768w, https:\/\/2023.kinootok.org\/wp-content\/uploads\/2023\/05\/Mahanagar.jpg 1301w\" sizes=\"auto, (max-width: 300px) 100vw, 300px\" \/><\/p>\n<p><strong>Have You Seen This Woman? \/ Da li ste videli ovu \u017eenu?<br \/>\n<\/strong>Du\u0161an Zori\u0107, Matija Glu\u0161\u010devi\u0107, Serbia, Croatia, 2022, 79\u2019<br \/>\n<span style=\"color: #b5a744;\"><em>With introduction by the actor<\/em>\u00a0<em>Ksenija Marinkovi\u0107<\/em>.<\/span><\/p>\n<p><img loading=\"lazy\" decoding=\"async\" class=\"alignnone size-medium wp-image-5666\" src=\"https:\/\/2023.kinootok.org\/wp-content\/uploads\/2023\/05\/Ste-videli-to-zensko1_HYSTW_still_03_300dpi_c_Non-Aligned_Films-300x162.jpg\" alt=\"\" width=\"300\" height=\"162\" srcset=\"https:\/\/2023.kinootok.org\/wp-content\/uploads\/2023\/05\/Ste-videli-to-zensko1_HYSTW_still_03_300dpi_c_Non-Aligned_Films-300x162.jpg 300w, https:\/\/2023.kinootok.org\/wp-content\/uploads\/2023\/05\/Ste-videli-to-zensko1_HYSTW_still_03_300dpi_c_Non-Aligned_Films-1024x554.jpg 1024w, https:\/\/2023.kinootok.org\/wp-content\/uploads\/2023\/05\/Ste-videli-to-zensko1_HYSTW_still_03_300dpi_c_Non-Aligned_Films-768x415.jpg 768w, https:\/\/2023.kinootok.org\/wp-content\/uploads\/2023\/05\/Ste-videli-to-zensko1_HYSTW_still_03_300dpi_c_Non-Aligned_Films-1536x830.jpg 1536w, https:\/\/2023.kinootok.org\/wp-content\/uploads\/2023\/05\/Ste-videli-to-zensko1_HYSTW_still_03_300dpi_c_Non-Aligned_Films-2048x1107.jpg 2048w\" sizes=\"auto, (max-width: 300px) 100vw, 300px\" \/><\/p>\n<p><strong>Phi 1.618<br \/>\n<\/strong>Theodore Ushev, Bulgaria, Canada, 2022, 95&#8242;<br \/>\n<em>In collaboration with the International Animated Film Festival Animateka on its 20<sup>th<\/sup>\u00a0birthday.<br \/>\n<span style=\"color: #b5a744;\">With introduction by Igor Prassel, the Animateka Programme Director.<\/span><\/em><\/p>\n<p><img loading=\"lazy\" decoding=\"async\" class=\"alignnone size-medium wp-image-5676\" src=\"https:\/\/2023.kinootok.org\/wp-content\/uploads\/2023\/05\/Phi_1618-300x169.jpeg\" alt=\"\" width=\"300\" height=\"169\" srcset=\"https:\/\/2023.kinootok.org\/wp-content\/uploads\/2023\/05\/Phi_1618-300x169.jpeg 300w, https:\/\/2023.kinootok.org\/wp-content\/uploads\/2023\/05\/Phi_1618-1024x576.jpeg 1024w, https:\/\/2023.kinootok.org\/wp-content\/uploads\/2023\/05\/Phi_1618-768x432.jpeg 768w, https:\/\/2023.kinootok.org\/wp-content\/uploads\/2023\/05\/Phi_1618-1536x864.jpeg 1536w, https:\/\/2023.kinootok.org\/wp-content\/uploads\/2023\/05\/Phi_1618.jpeg 1920w\" sizes=\"auto, (max-width: 300px) 100vw, 300px\" \/><\/p>\n<p><strong>Leonora addio<br \/>\n<\/strong>Paolo Taviani, Italy, 2022, 90\u2019<br \/>\n<span style=\"color: #b5a744;\"><em>With introduction by Andra\u017e Gomba\u010d, a culture editor.<\/em><\/span><\/p>\n<p><img loading=\"lazy\" decoding=\"async\" class=\"alignnone size-medium wp-image-5684\" src=\"https:\/\/2023.kinootok.org\/wp-content\/uploads\/2023\/05\/Leonora_addio_di_Paolo_Taviani_nella_foto_Fabrizio_Ferracane-300x200.jpg\" alt=\"\" width=\"300\" height=\"200\" srcset=\"https:\/\/2023.kinootok.org\/wp-content\/uploads\/2023\/05\/Leonora_addio_di_Paolo_Taviani_nella_foto_Fabrizio_Ferracane-300x200.jpg 300w, https:\/\/2023.kinootok.org\/wp-content\/uploads\/2023\/05\/Leonora_addio_di_Paolo_Taviani_nella_foto_Fabrizio_Ferracane-1024x683.jpg 1024w, https:\/\/2023.kinootok.org\/wp-content\/uploads\/2023\/05\/Leonora_addio_di_Paolo_Taviani_nella_foto_Fabrizio_Ferracane-768x512.jpg 768w, https:\/\/2023.kinootok.org\/wp-content\/uploads\/2023\/05\/Leonora_addio_di_Paolo_Taviani_nella_foto_Fabrizio_Ferracane-1536x1024.jpg 1536w, https:\/\/2023.kinootok.org\/wp-content\/uploads\/2023\/05\/Leonora_addio_di_Paolo_Taviani_nella_foto_Fabrizio_Ferracane-2048x1365.jpg 2048w\" sizes=\"auto, (max-width: 300px) 100vw, 300px\" \/><\/p>\n<p><strong>Marinaleda<br \/>\n<\/strong>Louis S\u00e9guin, France, 2023, 51\u2019<br \/>\n<span style=\"color: #b5a744;\"><em>With introduction by<\/em>\u00a0<em>Tijana Zinaji\u0107<\/em><em>, a director, screenwriter and actor.<\/em><\/span><\/p>\n<p><img loading=\"lazy\" decoding=\"async\" class=\"alignnone size-medium wp-image-5710\" src=\"https:\/\/2023.kinootok.org\/wp-content\/uploads\/2023\/05\/MARINALEDA_5_copy-300x185.png\" alt=\"\" width=\"300\" height=\"185\" srcset=\"https:\/\/2023.kinootok.org\/wp-content\/uploads\/2023\/05\/MARINALEDA_5_copy-300x185.png 300w, https:\/\/2023.kinootok.org\/wp-content\/uploads\/2023\/05\/MARINALEDA_5_copy-1024x631.png 1024w, https:\/\/2023.kinootok.org\/wp-content\/uploads\/2023\/05\/MARINALEDA_5_copy-768x474.png 768w, https:\/\/2023.kinootok.org\/wp-content\/uploads\/2023\/05\/MARINALEDA_5_copy-1536x947.png 1536w, https:\/\/2023.kinootok.org\/wp-content\/uploads\/2023\/05\/MARINALEDA_5_copy-2048x1263.png 2048w\" sizes=\"auto, (max-width: 300px) 100vw, 300px\" \/><\/p>\n        <\/div>\n    <\/div>\n<\/div>\n\n\n<div class=\"container\">\n    <div class=\"row text\">\n        <div class=\"col-md-9\">\n            <h2><span style=\"color: #b5a744;\"><strong>Art Cinema Odeon &amp; House of Culture, A\u2013Z<\/strong><\/span><\/h2>\n<p><strong>107 Mothers \/ Cenzorka<br \/>\n<\/strong>Peter Kerekes, Slovakia, Czechia, Ukraine, 2021, 90&#8242;<\/p>\n<p><a href=\"https:\/\/2023.kinootok.org\/wp-content\/uploads\/2023\/06\/107-mater.tif\"><img decoding=\"async\" class=\"alignnone size-full wp-image-6929\" src=\"https:\/\/2023.kinootok.org\/wp-content\/uploads\/2023\/06\/107-mater.tif\" alt=\"\" \/><img loading=\"lazy\" decoding=\"async\" class=\"alignnone size-medium wp-image-5723\" src=\"https:\/\/2023.kinootok.org\/wp-content\/uploads\/2023\/05\/107Mothers_Still02-300x169.jpg\" alt=\"\" width=\"300\" height=\"169\" srcset=\"https:\/\/2023.kinootok.org\/wp-content\/uploads\/2023\/05\/107Mothers_Still02-300x169.jpg 300w, https:\/\/2023.kinootok.org\/wp-content\/uploads\/2023\/05\/107Mothers_Still02-1024x576.jpg 1024w, https:\/\/2023.kinootok.org\/wp-content\/uploads\/2023\/05\/107Mothers_Still02-768x432.jpg 768w, https:\/\/2023.kinootok.org\/wp-content\/uploads\/2023\/05\/107Mothers_Still02-1536x864.jpg 1536w, https:\/\/2023.kinootok.org\/wp-content\/uploads\/2023\/05\/107Mothers_Still02.jpg 1920w\" sizes=\"auto, (max-width: 300px) 100vw, 300px\" \/><\/a><\/p>\n<p><strong>Brotherhood \/ Bratje<br \/>\n<\/strong>Francesco Montagner, Czechia, Italy, 2021, 97\u2019<\/p>\n<p><img loading=\"lazy\" decoding=\"async\" class=\"alignnone size-medium wp-image-6887\" src=\"https:\/\/2023.kinootok.org\/wp-content\/uploads\/2023\/06\/Bratje-300x169.jpg\" alt=\"\" width=\"300\" height=\"169\" srcset=\"https:\/\/2023.kinootok.org\/wp-content\/uploads\/2023\/06\/Bratje-300x169.jpg 300w, https:\/\/2023.kinootok.org\/wp-content\/uploads\/2023\/06\/Bratje-1024x576.jpg 1024w, https:\/\/2023.kinootok.org\/wp-content\/uploads\/2023\/06\/Bratje-768x432.jpg 768w, https:\/\/2023.kinootok.org\/wp-content\/uploads\/2023\/06\/Bratje-1536x864.jpg 1536w, https:\/\/2023.kinootok.org\/wp-content\/uploads\/2023\/06\/Bratje-2048x1152.jpg 2048w\" sizes=\"auto, (max-width: 300px) 100vw, 300px\" \/><\/p>\n<p><strong>Geographies of Solitude<br \/>\n<\/strong>Jacquelyn Mills, Canada, 2022, 104&#8242;<\/p>\n<p><img decoding=\"async\" class=\"alignnone size-full wp-image-6889\" src=\"https:\/\/2023.kinootok.org\/wp-content\/uploads\/2023\/06\/Geografije-samote.tif\" alt=\"\" \/><img loading=\"lazy\" decoding=\"async\" class=\"alignnone size-medium wp-image-5744\" src=\"https:\/\/2023.kinootok.org\/wp-content\/uploads\/2023\/05\/Geographies_of_Solitude_YoungZoe_\u24d2Zoe-Lucas-300x182.jpg\" alt=\"\" width=\"300\" height=\"182\" srcset=\"https:\/\/2023.kinootok.org\/wp-content\/uploads\/2023\/05\/Geographies_of_Solitude_YoungZoe_\u24d2Zoe-Lucas-300x182.jpg 300w, https:\/\/2023.kinootok.org\/wp-content\/uploads\/2023\/05\/Geographies_of_Solitude_YoungZoe_\u24d2Zoe-Lucas-1024x621.jpg 1024w, https:\/\/2023.kinootok.org\/wp-content\/uploads\/2023\/05\/Geographies_of_Solitude_YoungZoe_\u24d2Zoe-Lucas-768x465.jpg 768w, https:\/\/2023.kinootok.org\/wp-content\/uploads\/2023\/05\/Geographies_of_Solitude_YoungZoe_\u24d2Zoe-Lucas-1536x931.jpg 1536w, https:\/\/2023.kinootok.org\/wp-content\/uploads\/2023\/05\/Geographies_of_Solitude_YoungZoe_\u24d2Zoe-Lucas.jpg 1782w\" sizes=\"auto, (max-width: 300px) 100vw, 300px\" \/><\/p>\n<p><strong>Which Colour? \/ Kayo kayo colour?<br \/>\n<\/strong>Shahrukhkhan Chavada, India, 2023, 96&#8242;<\/p>\n<p><img loading=\"lazy\" decoding=\"async\" class=\"alignnone size-medium wp-image-6891\" src=\"https:\/\/2023.kinootok.org\/wp-content\/uploads\/2023\/06\/Katera-barva-300x169.jpg\" alt=\"\" width=\"300\" height=\"169\" srcset=\"https:\/\/2023.kinootok.org\/wp-content\/uploads\/2023\/06\/Katera-barva-300x169.jpg 300w, https:\/\/2023.kinootok.org\/wp-content\/uploads\/2023\/06\/Katera-barva-1024x576.jpg 1024w, https:\/\/2023.kinootok.org\/wp-content\/uploads\/2023\/06\/Katera-barva-768x432.jpg 768w, https:\/\/2023.kinootok.org\/wp-content\/uploads\/2023\/06\/Katera-barva-1536x864.jpg 1536w, https:\/\/2023.kinootok.org\/wp-content\/uploads\/2023\/06\/Katera-barva-2048x1152.jpg 2048w\" sizes=\"auto, (max-width: 300px) 100vw, 300px\" \/><\/p>\n<p><strong>To Books and Women I Sing \/ A los libros y a las mujeres canto<br \/>\n<\/strong>Mar\u00eda Elorza, Spain, 2022, 72\u2019<\/p>\n<p><img loading=\"lazy\" decoding=\"async\" class=\"alignnone size-medium wp-image-6893\" src=\"https:\/\/2023.kinootok.org\/wp-content\/uploads\/2023\/06\/Knjigam-in-zenskam-pojem-300x169.jpg\" alt=\"\" width=\"300\" height=\"169\" srcset=\"https:\/\/2023.kinootok.org\/wp-content\/uploads\/2023\/06\/Knjigam-in-zenskam-pojem-300x169.jpg 300w, https:\/\/2023.kinootok.org\/wp-content\/uploads\/2023\/06\/Knjigam-in-zenskam-pojem-1024x576.jpg 1024w, https:\/\/2023.kinootok.org\/wp-content\/uploads\/2023\/06\/Knjigam-in-zenskam-pojem-768x432.jpg 768w, https:\/\/2023.kinootok.org\/wp-content\/uploads\/2023\/06\/Knjigam-in-zenskam-pojem-1536x864.jpg 1536w, https:\/\/2023.kinootok.org\/wp-content\/uploads\/2023\/06\/Knjigam-in-zenskam-pojem-2048x1152.jpg 2048w\" sizes=\"auto, (max-width: 300px) 100vw, 300px\" \/><\/p>\n<p><strong>Whom to Tell<\/strong> <strong>\/ Wem erz\u00e4hlen<br \/>\n<\/strong>Ernst Gossner, Austria, 2019, 80\u2019<br \/>\n<span style=\"color: #b5a744;\"><em>Talk: Ernst Gossner.<\/em><\/span><\/p>\n<p><img loading=\"lazy\" decoding=\"async\" class=\"alignnone size-medium wp-image-6895\" src=\"https:\/\/2023.kinootok.org\/wp-content\/uploads\/2023\/06\/Komu-povedati-300x169.jpg\" alt=\"\" width=\"300\" height=\"169\" srcset=\"https:\/\/2023.kinootok.org\/wp-content\/uploads\/2023\/06\/Komu-povedati-300x169.jpg 300w, https:\/\/2023.kinootok.org\/wp-content\/uploads\/2023\/06\/Komu-povedati-1024x576.jpg 1024w, https:\/\/2023.kinootok.org\/wp-content\/uploads\/2023\/06\/Komu-povedati-768x432.jpg 768w, https:\/\/2023.kinootok.org\/wp-content\/uploads\/2023\/06\/Komu-povedati-1536x864.jpg 1536w, https:\/\/2023.kinootok.org\/wp-content\/uploads\/2023\/06\/Komu-povedati.jpg 1920w\" sizes=\"auto, (max-width: 300px) 100vw, 300px\" \/><\/p>\n<p><strong>La empresa<br \/>\n<\/strong>Andr\u00e9 Siegers, Germany, 2023, 94\u2019<\/p>\n<p><img loading=\"lazy\" decoding=\"async\" class=\"alignnone size-medium wp-image-6897\" src=\"https:\/\/2023.kinootok.org\/wp-content\/uploads\/2023\/06\/La-empresa-300x226.jpg\" alt=\"\" width=\"300\" height=\"226\" srcset=\"https:\/\/2023.kinootok.org\/wp-content\/uploads\/2023\/06\/La-empresa-300x226.jpg 300w, https:\/\/2023.kinootok.org\/wp-content\/uploads\/2023\/06\/La-empresa-1024x770.jpg 1024w, https:\/\/2023.kinootok.org\/wp-content\/uploads\/2023\/06\/La-empresa-768x578.jpg 768w, https:\/\/2023.kinootok.org\/wp-content\/uploads\/2023\/06\/La-empresa-1536x1155.jpg 1536w, https:\/\/2023.kinootok.org\/wp-content\/uploads\/2023\/06\/La-empresa.jpg 2000w\" sizes=\"auto, (max-width: 300px) 100vw, 300px\" \/><\/p>\n<p><strong>Luxembourg, Luxembourg<br \/>\n<\/strong>Antonio Lukich, Ukraine, 2022, 106&#8242;<br \/>\n<em>In collaboration with the International Film Festival Innsbruck.<\/em><\/p>\n<p><img loading=\"lazy\" decoding=\"async\" class=\"alignnone size-medium wp-image-6899\" src=\"https:\/\/2023.kinootok.org\/wp-content\/uploads\/2023\/06\/Luksemburg-Luksemburg-300x162.jpg\" alt=\"\" width=\"300\" height=\"162\" srcset=\"https:\/\/2023.kinootok.org\/wp-content\/uploads\/2023\/06\/Luksemburg-Luksemburg-300x162.jpg 300w, https:\/\/2023.kinootok.org\/wp-content\/uploads\/2023\/06\/Luksemburg-Luksemburg-1024x552.jpg 1024w, https:\/\/2023.kinootok.org\/wp-content\/uploads\/2023\/06\/Luksemburg-Luksemburg-768x414.jpg 768w, https:\/\/2023.kinootok.org\/wp-content\/uploads\/2023\/06\/Luksemburg-Luksemburg.jpg 1366w\" sizes=\"auto, (max-width: 300px) 100vw, 300px\" \/><\/p>\n<p><strong>Malintzin 17<br \/>\n<\/strong>Mara Polgovsky, Eugenio Polgovsky, Mexico, 2022, 64\u2019<\/p>\n<p><img loading=\"lazy\" decoding=\"async\" class=\"alignnone size-medium wp-image-6901\" src=\"https:\/\/2023.kinootok.org\/wp-content\/uploads\/2023\/06\/Malintzin-17-300x169.png\" alt=\"\" width=\"300\" height=\"169\" srcset=\"https:\/\/2023.kinootok.org\/wp-content\/uploads\/2023\/06\/Malintzin-17-300x169.png 300w, https:\/\/2023.kinootok.org\/wp-content\/uploads\/2023\/06\/Malintzin-17-1024x577.png 1024w, https:\/\/2023.kinootok.org\/wp-content\/uploads\/2023\/06\/Malintzin-17-768x433.png 768w, https:\/\/2023.kinootok.org\/wp-content\/uploads\/2023\/06\/Malintzin-17-1536x866.png 1536w\" sizes=\"auto, (max-width: 300px) 100vw, 300px\" \/><\/p>\n<p><strong>The Man Without Guilt \/ Mo\u017e brez krivde<br \/>\n<\/strong>Ivan Gergolet, Slovenia, Italy, Croatia, 2022, 112\u2019<br \/>\n<span style=\"color: #b5a744;\"><em>Talk: Ivan Gergolet.<\/em><\/span><\/p>\n<p><em>In collaboration with the Sergio Amidei International Prize for Best Screenplay film festival from Gorizia (Italy), the cross-border film festival Homage to a Vision (<\/em><em>Gorizia, Nova Gorica<\/em><em>), and The Days of Light international film festival from Spilimbergo (Italy).<\/em><\/p>\n<p><img loading=\"lazy\" decoding=\"async\" class=\"alignnone size-medium wp-image-6903\" src=\"https:\/\/2023.kinootok.org\/wp-content\/uploads\/2023\/06\/Moz-brez-krivde-300x126.jpg\" alt=\"\" width=\"300\" height=\"126\" srcset=\"https:\/\/2023.kinootok.org\/wp-content\/uploads\/2023\/06\/Moz-brez-krivde-300x126.jpg 300w, https:\/\/2023.kinootok.org\/wp-content\/uploads\/2023\/06\/Moz-brez-krivde-1024x429.jpg 1024w, https:\/\/2023.kinootok.org\/wp-content\/uploads\/2023\/06\/Moz-brez-krivde-768x322.jpg 768w, https:\/\/2023.kinootok.org\/wp-content\/uploads\/2023\/06\/Moz-brez-krivde-1536x643.jpg 1536w, https:\/\/2023.kinootok.org\/wp-content\/uploads\/2023\/06\/Moz-brez-krivde.jpg 1920w\" sizes=\"auto, (max-width: 300px) 100vw, 300px\" \/><\/p>\n<p><strong>Natura<br \/>\n<\/strong>Matti Harju, Finland, 2023, 68\u2019<br \/>\n<span style=\"color: #b5a744;\"><em>Talk: Matti Harju.<\/em><\/span><\/p>\n<p><img loading=\"lazy\" decoding=\"async\" class=\"alignnone size-medium wp-image-6905\" src=\"https:\/\/2023.kinootok.org\/wp-content\/uploads\/2023\/06\/Natura-300x169.jpg\" alt=\"\" width=\"300\" height=\"169\" srcset=\"https:\/\/2023.kinootok.org\/wp-content\/uploads\/2023\/06\/Natura-300x169.jpg 300w, https:\/\/2023.kinootok.org\/wp-content\/uploads\/2023\/06\/Natura-1024x576.jpg 1024w, https:\/\/2023.kinootok.org\/wp-content\/uploads\/2023\/06\/Natura-768x432.jpg 768w, https:\/\/2023.kinootok.org\/wp-content\/uploads\/2023\/06\/Natura-1536x864.jpg 1536w, https:\/\/2023.kinootok.org\/wp-content\/uploads\/2023\/06\/Natura.jpg 2048w\" sizes=\"auto, (max-width: 300px) 100vw, 300px\" \/><\/p>\n<p><strong>Home Is Where the Light Is \/ O ljudeh, ki so v kinu doma<br \/>\n<\/strong>Tina Lagler, Bla\u017e Mikli\u010d, Slovenia, 2023, 23\u2019<br \/>\n<em><span style=\"color: #b5a744;\">Talk: Tina Lagler, Bla\u017e Mikli\u010d.<\/span><br \/>\nThe discussion about Art Cinema Odeon celebrating 20 years of bringing quality films to Izola\u00a0is <span style=\"text-decoration: underline;\">cancelled.<\/span><br \/>\n<\/em><\/p>\n<p><img loading=\"lazy\" decoding=\"async\" class=\"alignnone size-medium wp-image-6907\" src=\"https:\/\/2023.kinootok.org\/wp-content\/uploads\/2023\/06\/O-ljudeh-ki-so-v-kinu-doma-300x200.jpg\" alt=\"\" width=\"300\" height=\"200\" srcset=\"https:\/\/2023.kinootok.org\/wp-content\/uploads\/2023\/06\/O-ljudeh-ki-so-v-kinu-doma-300x200.jpg 300w, https:\/\/2023.kinootok.org\/wp-content\/uploads\/2023\/06\/O-ljudeh-ki-so-v-kinu-doma-1024x683.jpg 1024w, https:\/\/2023.kinootok.org\/wp-content\/uploads\/2023\/06\/O-ljudeh-ki-so-v-kinu-doma-768x512.jpg 768w, https:\/\/2023.kinootok.org\/wp-content\/uploads\/2023\/06\/O-ljudeh-ki-so-v-kinu-doma-1536x1024.jpg 1536w, https:\/\/2023.kinootok.org\/wp-content\/uploads\/2023\/06\/O-ljudeh-ki-so-v-kinu-doma-2048x1365.jpg 2048w\" sizes=\"auto, (max-width: 300px) 100vw, 300px\" \/><\/p>\n<p><strong>Holy Spider<br \/>\n<\/strong>Ali Abbasi, Denmark, Germany, France, Sweden, 2022, 115&#8242;<\/p>\n<p><img loading=\"lazy\" decoding=\"async\" class=\"alignnone size-medium wp-image-6911\" src=\"https:\/\/2023.kinootok.org\/wp-content\/uploads\/2023\/06\/Sveti-pajek-300x125.jpg\" alt=\"\" width=\"300\" height=\"125\" srcset=\"https:\/\/2023.kinootok.org\/wp-content\/uploads\/2023\/06\/Sveti-pajek-300x125.jpg 300w, https:\/\/2023.kinootok.org\/wp-content\/uploads\/2023\/06\/Sveti-pajek-1024x428.jpg 1024w, https:\/\/2023.kinootok.org\/wp-content\/uploads\/2023\/06\/Sveti-pajek-768x321.jpg 768w, https:\/\/2023.kinootok.org\/wp-content\/uploads\/2023\/06\/Sveti-pajek-1536x641.jpg 1536w, https:\/\/2023.kinootok.org\/wp-content\/uploads\/2023\/06\/Sveti-pajek-2048x855.jpg 2048w\" sizes=\"auto, (max-width: 300px) 100vw, 300px\" \/><\/p>\n<p><strong>Another Spring \/ Jo\u0161 jedno prole\u0107e<br \/>\n<\/strong>Mladen Kova\u010devi\u0107, Serbia, Qater, 2022, 90\u2019<br \/>\n<span style=\"color: #b5a744;\"><em>Talk: Mladen Kova\u010devi\u0107.<\/em><\/span><\/p>\n<p><img loading=\"lazy\" decoding=\"async\" class=\"alignnone size-medium wp-image-6913\" src=\"https:\/\/2023.kinootok.org\/wp-content\/uploads\/2023\/06\/Se-ena-pomlad-300x169.jpg\" alt=\"\" width=\"300\" height=\"169\" srcset=\"https:\/\/2023.kinootok.org\/wp-content\/uploads\/2023\/06\/Se-ena-pomlad-300x169.jpg 300w, https:\/\/2023.kinootok.org\/wp-content\/uploads\/2023\/06\/Se-ena-pomlad-1024x576.jpg 1024w, https:\/\/2023.kinootok.org\/wp-content\/uploads\/2023\/06\/Se-ena-pomlad-768x432.jpg 768w, https:\/\/2023.kinootok.org\/wp-content\/uploads\/2023\/06\/Se-ena-pomlad-1536x864.jpg 1536w, https:\/\/2023.kinootok.org\/wp-content\/uploads\/2023\/06\/Se-ena-pomlad.jpg 1920w\" sizes=\"auto, (max-width: 300px) 100vw, 300px\" \/><\/p>\n<p><strong>Safe Place\/ Sigurno mjesto<br \/>\n<\/strong>Juraj Leroti\u0107, Croatia, Slovenia, 2022, 102&#8242;<br \/>\n<em>The talk with director Juraj Leroti\u0107 is\u00a0<span style=\"text-decoration: underline;\">cancelled.<\/span><\/em><\/p>\n<p><img loading=\"lazy\" decoding=\"async\" class=\"alignnone size-medium wp-image-6915\" src=\"https:\/\/2023.kinootok.org\/wp-content\/uploads\/2023\/06\/Varno-mesto-300x200.jpg\" alt=\"\" width=\"300\" height=\"200\" srcset=\"https:\/\/2023.kinootok.org\/wp-content\/uploads\/2023\/06\/Varno-mesto-300x200.jpg 300w, https:\/\/2023.kinootok.org\/wp-content\/uploads\/2023\/06\/Varno-mesto-1024x683.jpg 1024w, https:\/\/2023.kinootok.org\/wp-content\/uploads\/2023\/06\/Varno-mesto-768x512.jpg 768w, https:\/\/2023.kinootok.org\/wp-content\/uploads\/2023\/06\/Varno-mesto-1536x1024.jpg 1536w, https:\/\/2023.kinootok.org\/wp-content\/uploads\/2023\/06\/Varno-mesto-2048x1365.jpg 2048w\" sizes=\"auto, (max-width: 300px) 100vw, 300px\" \/><\/p>\n<p><strong>Vera<br \/>\n<\/strong>Tizza Covi, Rainer Frimmel, Austria, 2022, 115&#8242;<\/p>\n<p><img loading=\"lazy\" decoding=\"async\" class=\"alignnone size-medium wp-image-6917\" src=\"https:\/\/2023.kinootok.org\/wp-content\/uploads\/2023\/06\/Vera-300x181.jpg\" alt=\"\" width=\"300\" height=\"181\" srcset=\"https:\/\/2023.kinootok.org\/wp-content\/uploads\/2023\/06\/Vera-300x181.jpg 300w, https:\/\/2023.kinootok.org\/wp-content\/uploads\/2023\/06\/Vera-1024x619.jpg 1024w, https:\/\/2023.kinootok.org\/wp-content\/uploads\/2023\/06\/Vera-768x464.jpg 768w, https:\/\/2023.kinootok.org\/wp-content\/uploads\/2023\/06\/Vera.jpg 1344w\" sizes=\"auto, (max-width: 300px) 100vw, 300px\" \/><\/p>\n<p><strong>Dream\u2019s Gate \/ Darvazeye royaha<br \/>\n<\/strong>Negin Ahmadi, Iran, France, Norway, 2023, 78\u2019<br \/>\n<em>In<\/em>\u00a0<em>collaboration with the City of Women<\/em>\u00a0<em>International Festival of Contemporary Arts.<\/em><\/p>\n<p><img loading=\"lazy\" decoding=\"async\" class=\"alignnone size-medium wp-image-6919\" src=\"https:\/\/2023.kinootok.org\/wp-content\/uploads\/2023\/06\/Vrata-sanj-300x154.jpg\" alt=\"\" width=\"300\" height=\"154\" srcset=\"https:\/\/2023.kinootok.org\/wp-content\/uploads\/2023\/06\/Vrata-sanj-300x154.jpg 300w, https:\/\/2023.kinootok.org\/wp-content\/uploads\/2023\/06\/Vrata-sanj-1024x524.jpg 1024w, https:\/\/2023.kinootok.org\/wp-content\/uploads\/2023\/06\/Vrata-sanj-768x393.jpg 768w, https:\/\/2023.kinootok.org\/wp-content\/uploads\/2023\/06\/Vrata-sanj.jpg 1047w\" sizes=\"auto, (max-width: 300px) 100vw, 300px\" \/><\/p>\n<p><strong>Last Things<br \/>\n<\/strong>Deborah Stratman, USA, Portugal, France, 2023, 50\u2019<\/p>\n<p><img loading=\"lazy\" decoding=\"async\" class=\"alignnone size-medium wp-image-6921\" src=\"https:\/\/2023.kinootok.org\/wp-content\/uploads\/2023\/06\/Zadnje-stvari-300x225.jpg\" alt=\"\" width=\"300\" height=\"225\" srcset=\"https:\/\/2023.kinootok.org\/wp-content\/uploads\/2023\/06\/Zadnje-stvari-300x225.jpg 300w, https:\/\/2023.kinootok.org\/wp-content\/uploads\/2023\/06\/Zadnje-stvari-1024x768.jpg 1024w, https:\/\/2023.kinootok.org\/wp-content\/uploads\/2023\/06\/Zadnje-stvari-768x576.jpg 768w, https:\/\/2023.kinootok.org\/wp-content\/uploads\/2023\/06\/Zadnje-stvari-1536x1152.jpg 1536w, https:\/\/2023.kinootok.org\/wp-content\/uploads\/2023\/06\/Zadnje-stvari-2048x1536.jpg 2048w\" sizes=\"auto, (max-width: 300px) 100vw, 300px\" \/><\/p>\n<p><strong>A Little Love Package<br \/>\n<\/strong>Gast\u00f3n Solnicki, Austria, Argentina, 2022, 81&#8242;<\/p>\n<p><img loading=\"lazy\" decoding=\"async\" class=\"alignnone size-medium wp-image-6923\" src=\"https:\/\/2023.kinootok.org\/wp-content\/uploads\/2023\/06\/Zavojcek-ljubezni-300x162.jpg\" alt=\"\" width=\"300\" height=\"162\" srcset=\"https:\/\/2023.kinootok.org\/wp-content\/uploads\/2023\/06\/Zavojcek-ljubezni-300x162.jpg 300w, https:\/\/2023.kinootok.org\/wp-content\/uploads\/2023\/06\/Zavojcek-ljubezni-1024x552.jpg 1024w, https:\/\/2023.kinootok.org\/wp-content\/uploads\/2023\/06\/Zavojcek-ljubezni-768x414.jpg 768w, https:\/\/2023.kinootok.org\/wp-content\/uploads\/2023\/06\/Zavojcek-ljubezni.jpg 1368w\" sizes=\"auto, (max-width: 300px) 100vw, 300px\" \/><\/p>\n<p><strong>The Life and Strange Surprising Adventures of Robinson Crusoe Who Lived for Twenty and Eight Years All Alone on an Inhabited Island and Said It Was His \/ Het leven en de vreemde verrassende avonturen van Robinson Crusoe die acht en twintig jaar helemaal alleen op een bewoond eiland leefde en zei dat het van hem was<br \/>\n<\/strong>Benjamin Deboosere, Belgium, 2023, 75\u2019<br \/>\n<span style=\"color: #b5a744;\"><em>Talk: Benjamin Deboosere.<\/em><\/span><\/p>\n<p><img loading=\"lazy\" decoding=\"async\" class=\"alignnone size-medium wp-image-6925\" src=\"https:\/\/2023.kinootok.org\/wp-content\/uploads\/2023\/06\/Zivljenje-in-nenavadne-prigode-Robinsona-Crusoejaki-je-osemindvajset-let-zivel-povsem-sam-na-...-300x225.jpg\" alt=\"\" width=\"300\" height=\"225\" srcset=\"https:\/\/2023.kinootok.org\/wp-content\/uploads\/2023\/06\/Zivljenje-in-nenavadne-prigode-Robinsona-Crusoejaki-je-osemindvajset-let-zivel-povsem-sam-na-...-300x225.jpg 300w, https:\/\/2023.kinootok.org\/wp-content\/uploads\/2023\/06\/Zivljenje-in-nenavadne-prigode-Robinsona-Crusoejaki-je-osemindvajset-let-zivel-povsem-sam-na-...-1024x768.jpg 1024w, https:\/\/2023.kinootok.org\/wp-content\/uploads\/2023\/06\/Zivljenje-in-nenavadne-prigode-Robinsona-Crusoejaki-je-osemindvajset-let-zivel-povsem-sam-na-...-768x576.jpg 768w, https:\/\/2023.kinootok.org\/wp-content\/uploads\/2023\/06\/Zivljenje-in-nenavadne-prigode-Robinsona-Crusoejaki-je-osemindvajset-let-zivel-povsem-sam-na-...-1536x1152.jpg 1536w, https:\/\/2023.kinootok.org\/wp-content\/uploads\/2023\/06\/Zivljenje-in-nenavadne-prigode-Robinsona-Crusoejaki-je-osemindvajset-let-zivel-povsem-sam-na-...-2048x1536.jpg 2048w\" sizes=\"auto, (max-width: 300px) 100vw, 300px\" \/><\/p>\n<p>Screening with:<br \/>\n<strong>Pustolov\u0161\u010dine Robinsona Crusoeja \/ Les Aventures de Robinson Cruso\u00eb<br \/>\n<\/strong>Georges M\u00e9li\u00e8s, France, 1902, 12\u2019<br \/>\n<span style=\"color: #b5a744;\"><em>With live music accompaniment by Niko Novak.<\/em><\/span><\/p>\n<p><img decoding=\"async\" class=\"alignnone size-full wp-image-6909\" src=\"https:\/\/2023.kinootok.org\/wp-content\/uploads\/2023\/06\/Pustolovscine-Robinsona-Crusoeja.tif\" alt=\"\" \/><img loading=\"lazy\" decoding=\"async\" class=\"alignnone size-medium wp-image-6948\" src=\"https:\/\/2023.kinootok.org\/wp-content\/uploads\/2023\/06\/Robinson-300x202.jpg\" alt=\"\" width=\"300\" height=\"202\" srcset=\"https:\/\/2023.kinootok.org\/wp-content\/uploads\/2023\/06\/Robinson-300x202.jpg 300w, https:\/\/2023.kinootok.org\/wp-content\/uploads\/2023\/06\/Robinson-768x517.jpg 768w, https:\/\/2023.kinootok.org\/wp-content\/uploads\/2023\/06\/Robinson.jpg 1007w\" sizes=\"auto, (max-width: 300px) 100vw, 300px\" \/><\/p>\n<p><strong>Take a look at the film <span style=\"text-decoration: underline;\"><a href=\"https:\/\/www.youtube.com\/@otok9785\/videos\" target=\"_blank\" rel=\"noopener\">trailers<\/a><\/span>.\u00a0<\/strong><\/p>\n        <\/div>\n    <\/div>\n<\/div>\n\n\n<div class=\"container\">\n    <div class=\"row text\">\n        <div class=\"col-md-9\">\n            <h2><span style=\"color: #b5a744;\"><strong>VIDEO ON THE BEACH<\/strong><\/span><\/h2>\n<p><strong>Video on the Beach I: Beyond Domestic Spaces<br \/>\n<\/strong><em>More: <a href=\"https:\/\/2023.kinootok.org\/en\/event\/video-on-the-beach-i-beyond-domestic-spaces\/\" target=\"_blank\" rel=\"noopener\"><u>link to the event.<\/u><\/a><\/em><strong><br \/>\n<\/strong><span style=\"color: #b5a744;\"><em>Talk with the authors.<\/em><\/span><\/p>\n<p><strong>Video on the Beach II: Beyond Working Hours<br \/>\n<\/strong><em>Ve\u010d: <a href=\"https:\/\/2023.kinootok.org\/en\/event\/video-on-the-beach-ii-beyond-working-hours\/\" target=\"_blank\" rel=\"noopener\"><u>link to the event.<\/u><\/a><br \/>\n<\/em><span style=\"color: #b5a744;\"><em>Talk with the authors.<\/em><\/span><\/p>\n<p><strong>Video on the Beach III: Beyond Proximity and Distance<br \/>\n<\/strong><em>Ve\u010d: <a href=\"https:\/\/2023.kinootok.org\/en\/event\/video-on-the-beach-iii-beyond-proximity-and-distance\/\" target=\"_blank\" rel=\"noopener\"><u>link to the event.<\/u><\/a><br \/>\n<\/em><span style=\"color: #b5a744;\"><em>Talk with the authors.<\/em><\/span><\/p>\n<p><strong>Video on the Beach IV: Beyond Collected Thouughts<br \/>\n<\/strong><em>Ve\u010d: <a href=\"https:\/\/2023.kinootok.org\/en\/event\/video-on-the-beach-iv-beyond-collected-thoughts\/\" target=\"_blank\" rel=\"noopener\"><u>link to the event.<\/u><\/a><\/em><strong><br \/>\n<\/strong><span style=\"color: #b5a744;\"><em>Talk with the authors.<\/em><\/span><\/p>\n<p><strong>Video on the Beach V: Beyond Genetic Materials<br \/>\n<\/strong><em>Ve\u010d: <a href=\"https:\/\/2023.kinootok.org\/en\/event\/video-on-the-beach-v-beyond-genetic-materials\/\" target=\"_blank\" rel=\"noopener\"><u>link to the event.<\/u><\/a><\/em><strong><br \/>\n<\/strong><span style=\"color: #b5a744;\"><em>Talk with the authors.<\/em><\/span><\/p>\n        <\/div>\n    <\/div>\n<\/div>\n","protected":false},"excerpt":{"rendered":"<p> [&#8230;]<\/p>\n<p><a class=\"btn btn-secondary understrap-read-more-link\" href=\"https:\/\/2023.kinootok.org\/en\/__trashed-2\/\">Read More&#8230;<\/a><\/p>\n","protected":false},"author":7,"featured_media":0,"parent":0,"menu_order":0,"comment_status":"closed","ping_status":"closed","template":"page-templates\/about.php","meta":{"_acf_changed":false,"footnotes":""},"class_list":["post-6735","page","type-page","status-publish","hentry"],"acf":[],"yoast_head":"<!-- This site is optimized with the Yoast SEO plugin v26.9 - https:\/\/yoast.com\/product\/yoast-seo-wordpress\/ -->\n<title>FILMS AND GUESTS - Kino Otok - Isola Cinema<\/title>\n<meta name=\"robots\" content=\"noindex, follow, max-snippet:-1, max-image-preview:large, max-video-preview:-1\" \/>\n<meta property=\"og:locale\" content=\"en_US\" \/>\n<meta property=\"og:type\" content=\"article\" \/>\n<meta property=\"og:title\" content=\"FILMS AND GUESTS - Kino Otok - Isola Cinema\" \/>\n<meta property=\"og:description\" content=\"[...]Read More...\" \/>\n<meta property=\"og:url\" content=\"https:\/\/2023.kinootok.org\/filmi-in-gostje\/\" \/>\n<meta property=\"og:site_name\" content=\"Kino Otok - Isola Cinema\" \/>\n<meta property=\"article:publisher\" content=\"https:\/\/www.facebook.com\/kino.otok\" \/>\n<meta property=\"article:modified_time\" content=\"2023-06-08T08:36:43+00:00\" \/>\n<meta name=\"twitter:card\" content=\"summary_large_image\" \/>\n<meta name=\"twitter:site\" content=\"@KinoOtok\" \/>\n<script type=\"application\/ld+json\" class=\"yoast-schema-graph\">{\"@context\":\"https:\/\/schema.org\",\"@graph\":[{\"@type\":\"WebPage\",\"@id\":\"https:\/\/2023.kinootok.org\/filmi-in-gostje\/\",\"url\":\"https:\/\/2023.kinootok.org\/filmi-in-gostje\/\",\"name\":\"FILMS AND GUESTS - Kino Otok - Isola Cinema\",\"isPartOf\":{\"@id\":\"https:\/\/2023.kinootok.org\/#website\"},\"datePublished\":\"2023-06-03T13:04:14+00:00\",\"dateModified\":\"2023-06-08T08:36:43+00:00\",\"breadcrumb\":{\"@id\":\"https:\/\/2023.kinootok.org\/filmi-in-gostje\/#breadcrumb\"},\"inLanguage\":\"en-US\",\"potentialAction\":[{\"@type\":\"ReadAction\",\"target\":[\"https:\/\/2023.kinootok.org\/filmi-in-gostje\/\"]}]},{\"@type\":\"BreadcrumbList\",\"@id\":\"https:\/\/2023.kinootok.org\/filmi-in-gostje\/#breadcrumb\",\"itemListElement\":[{\"@type\":\"ListItem\",\"position\":1,\"name\":\"Home\",\"item\":\"https:\/\/2023.kinootok.org\/\"},{\"@type\":\"ListItem\",\"position\":2,\"name\":\"FILMS AND GUESTS\"}]},{\"@type\":\"WebSite\",\"@id\":\"https:\/\/2023.kinootok.org\/#website\",\"url\":\"https:\/\/2023.kinootok.org\/\",\"name\":\"Kino Otok - Isola Cinema\",\"description\":\"International Film Festival\",\"publisher\":{\"@id\":\"https:\/\/2023.kinootok.org\/#organization\"},\"potentialAction\":[{\"@type\":\"SearchAction\",\"target\":{\"@type\":\"EntryPoint\",\"urlTemplate\":\"https:\/\/2023.kinootok.org\/?s={search_term_string}\"},\"query-input\":{\"@type\":\"PropertyValueSpecification\",\"valueRequired\":true,\"valueName\":\"search_term_string\"}}],\"inLanguage\":\"en-US\"},{\"@type\":\"Organization\",\"@id\":\"https:\/\/2023.kinootok.org\/#organization\",\"name\":\"Kino Otok - Isola Cinema\",\"url\":\"https:\/\/2023.kinootok.org\/\",\"logo\":{\"@type\":\"ImageObject\",\"inLanguage\":\"en-US\",\"@id\":\"https:\/\/2023.kinootok.org\/#\/schema\/logo\/image\/\",\"url\":\"https:\/\/2023.kinootok.org\/wp-content\/uploads\/2024\/04\/Logo.png\",\"contentUrl\":\"https:\/\/2023.kinootok.org\/wp-content\/uploads\/2024\/04\/Logo.png\",\"width\":288,\"height\":288,\"caption\":\"Kino Otok - Isola Cinema\"},\"image\":{\"@id\":\"https:\/\/2023.kinootok.org\/#\/schema\/logo\/image\/\"},\"sameAs\":[\"https:\/\/www.facebook.com\/kino.otok\",\"https:\/\/x.com\/KinoOtok\",\"https:\/\/www.instagram.com\/kinootok_isolacinema\/\"]}]}<\/script>\n<!-- \/ Yoast SEO plugin. -->","yoast_head_json":{"title":"FILMS AND GUESTS - Kino Otok - Isola Cinema","robots":{"index":"noindex","follow":"follow","max-snippet":"max-snippet:-1","max-image-preview":"max-image-preview:large","max-video-preview":"max-video-preview:-1"},"og_locale":"en_US","og_type":"article","og_title":"FILMS AND GUESTS - Kino Otok - Isola Cinema","og_description":"[...]Read More...","og_url":"https:\/\/2023.kinootok.org\/filmi-in-gostje\/","og_site_name":"Kino Otok - Isola Cinema","article_publisher":"https:\/\/www.facebook.com\/kino.otok","article_modified_time":"2023-06-08T08:36:43+00:00","twitter_card":"summary_large_image","twitter_site":"@KinoOtok","schema":{"@context":"https:\/\/schema.org","@graph":[{"@type":"WebPage","@id":"https:\/\/2023.kinootok.org\/filmi-in-gostje\/","url":"https:\/\/2023.kinootok.org\/filmi-in-gostje\/","name":"FILMS AND GUESTS - Kino Otok - Isola Cinema","isPartOf":{"@id":"https:\/\/2023.kinootok.org\/#website"},"datePublished":"2023-06-03T13:04:14+00:00","dateModified":"2023-06-08T08:36:43+00:00","breadcrumb":{"@id":"https:\/\/2023.kinootok.org\/filmi-in-gostje\/#breadcrumb"},"inLanguage":"en-US","potentialAction":[{"@type":"ReadAction","target":["https:\/\/2023.kinootok.org\/filmi-in-gostje\/"]}]},{"@type":"BreadcrumbList","@id":"https:\/\/2023.kinootok.org\/filmi-in-gostje\/#breadcrumb","itemListElement":[{"@type":"ListItem","position":1,"name":"Home","item":"https:\/\/2023.kinootok.org\/"},{"@type":"ListItem","position":2,"name":"FILMS AND GUESTS"}]},{"@type":"WebSite","@id":"https:\/\/2023.kinootok.org\/#website","url":"https:\/\/2023.kinootok.org\/","name":"Kino Otok - Isola Cinema","description":"International Film Festival","publisher":{"@id":"https:\/\/2023.kinootok.org\/#organization"},"potentialAction":[{"@type":"SearchAction","target":{"@type":"EntryPoint","urlTemplate":"https:\/\/2023.kinootok.org\/?s={search_term_string}"},"query-input":{"@type":"PropertyValueSpecification","valueRequired":true,"valueName":"search_term_string"}}],"inLanguage":"en-US"},{"@type":"Organization","@id":"https:\/\/2023.kinootok.org\/#organization","name":"Kino Otok - Isola Cinema","url":"https:\/\/2023.kinootok.org\/","logo":{"@type":"ImageObject","inLanguage":"en-US","@id":"https:\/\/2023.kinootok.org\/#\/schema\/logo\/image\/","url":"https:\/\/2023.kinootok.org\/wp-content\/uploads\/2024\/04\/Logo.png","contentUrl":"https:\/\/2023.kinootok.org\/wp-content\/uploads\/2024\/04\/Logo.png","width":288,"height":288,"caption":"Kino Otok - Isola Cinema"},"image":{"@id":"https:\/\/2023.kinootok.org\/#\/schema\/logo\/image\/"},"sameAs":["https:\/\/www.facebook.com\/kino.otok","https:\/\/x.com\/KinoOtok","https:\/\/www.instagram.com\/kinootok_isolacinema\/"]}]}},"_links":{"self":[{"href":"https:\/\/2023.kinootok.org\/en\/wp-json\/wp\/v2\/pages\/6735","targetHints":{"allow":["GET"]}}],"collection":[{"href":"https:\/\/2023.kinootok.org\/en\/wp-json\/wp\/v2\/pages"}],"about":[{"href":"https:\/\/2023.kinootok.org\/en\/wp-json\/wp\/v2\/types\/page"}],"author":[{"embeddable":true,"href":"https:\/\/2023.kinootok.org\/en\/wp-json\/wp\/v2\/users\/7"}],"replies":[{"embeddable":true,"href":"https:\/\/2023.kinootok.org\/en\/wp-json\/wp\/v2\/comments?post=6735"}],"version-history":[{"count":18,"href":"https:\/\/2023.kinootok.org\/en\/wp-json\/wp\/v2\/pages\/6735\/revisions"}],"predecessor-version":[{"id":6955,"href":"https:\/\/2023.kinootok.org\/en\/wp-json\/wp\/v2\/pages\/6735\/revisions\/6955"}],"wp:attachment":[{"href":"https:\/\/2023.kinootok.org\/en\/wp-json\/wp\/v2\/media?parent=6735"}],"curies":[{"name":"wp","href":"https:\/\/api.w.org\/{rel}","templated":true}]}}